{"id":14785,"date":"2023-09-02T17:05:13","date_gmt":"2023-09-02T15:05:13","guid":{"rendered":"https:\/\/rene-gaston-lagorre.fr\/?page_id=14785"},"modified":"2023-09-09T16:04:22","modified_gmt":"2023-09-09T14:04:22","slug":"ryton-cazenave-artiste-peintre","status":"publish","type":"page","link":"https:\/\/rene-gaston-lagorre.fr\/index.php\/les-amis-de-lagorre\/ryton-cazenave-artiste-peintre\/","title":{"rendered":"Ryton Cazenave, artiste-peintre"},"content":{"rendered":"<p>[vc_row][vc_column][vc_column_text]Parmi les amis de jeunesse de Ren\u00e9 Gaston-Lagorre figure un autre artiste-peintre de talent qui excellera bient\u00f4t dans un registre diff\u00e9rent de son registre initial quand il choisira de peindre des aquarelles. Cet artiste n\u2019est autre que Ryton Cazenave, n\u00e9 en 1926 \u00e0 Paris, mais \u00e9lev\u00e9 \u00e0 Foix, par ses grands-parents.<\/p>\r\n\r\n<p>Gr\u00e2ce \u00e0 Paul An\u00e9, alors conseiller g\u00e9n\u00e9ral et maire de Seix, Ryton Cazenave va rencontrer Ren\u00e9 Lagorre \u00e0 la pr\u00e9fecture de Foix o\u00f9 Ryton, selon ses propres dires, \u00ab\u00a0<em><strong>peignait au quotidien\u00a0, activant ses pinceaux et les manettes du standard t\u00e9l\u00e9phonique de la pr\u00e9fecture<\/strong><\/em>\u00bb et d\u2019ajouter\u00a0: \u00ab\u00a0<em><strong>Quel plaisir mais aussi quelle frayeur suscita en moi ce face-\u00e0-face avec un authentique artiste dont je connaissais la r\u00e9putation\u00a0!\u00a0<\/strong><\/em>\u00bb<\/p>\r\n\r\n<p>Malgr\u00e9 leurs treize ans d\u2019\u00e9cart, les artistes vont vite sympathiser et entreprendre ensemble un grand nombre de voyages, notamment en Andorre et en Espagne, des escapades qu\u2019ils ponctuent de s\u00e9ances de travail assidu mais aussi de moments de d\u00e9tente m\u00e9morables.<\/p>\r\n\r\n<p>Lagorre encourage vivement son jeune ami \u00e0 poursuivre sa carri\u00e8re artistique.<\/p>\r\n\r\n<p>En 1946, Ryton Cazenave va \u00e9tudier \u00e0 l\u2019\u00e9cole des Beaux-Arts de Toulouse o\u00f9 il suivra les enseignements de Jean-Paul Marcheschi. En 1950 il cr\u00e9e le salon \u00abAri\u00e8ge Pyr\u00e9n\u00e9es\u00bb, et ce n\u2019est que plus tard, en 1975, qu&#8217;il d\u00e9couvre l&#8217;aquarelle. \u00ab<em><strong>C&#8217;\u00e9tait en Bretagne, avec le peintre Breton Gaston Barret<\/strong><\/em>\u00bb, raconte l&#8217;artiste qui se dit \u00ab<em><strong>inspir\u00e9 par le si\u00e8cle d&#8217;or de l&#8217;aquarelle anglaise- de 1750 \u00e0 1850-.<\/strong><\/em>\u00bb<\/p>\r\n\r\n<p>Comme Ren\u00e9 Lagorre &#8211; et parfois avec lui -, il continuera de voyager dans le bassin m\u00e9diterran\u00e9en ce qui lui inspirera gouaches et aquarelles : \u00ab<em><strong>J&#8217;ai connu Lagorre, j&#8217;ai voyag\u00e9 et travaill\u00e9 avec lui pendant cinquante ans ! C&#8217;est un peintre exceptionnel.<\/strong><\/em>\u00bb affirme-t-il en septembre 2018<a id=\"sdfootnote1anc\" href=\"#sdfootnote1sym\"><sup>1<\/sup><\/a> , puis il ira d\u00e9couvrir l\u2019 Irlande et les \u00c9tats-Unis.<\/p>\r\n\r\n<p>Ryton Cazenave a fait des aquarelles sa sp\u00e9cificit\u00e9, il se pla\u00eet \u00e0 les nommer \u00ab\u00a0<em><strong>aquar\u00e9elle<\/strong><\/em><em><strong>s<\/strong><\/em>\u00a0\u00bb, revendiquant de fait l\u2019inspiration qu\u2019il puise dans la r\u00e9alit\u00e9 des villes et des villages qui l\u2019entourent ou dans la peinture de sites de renom tels les ch\u00e2teaux cathares ou la Cit\u00e9 m\u00e9di\u00e9vale de Carcassonne.<\/p>\r\n\r\n<p><em>En<\/em><em> 2017, Ryton Cazenave expose au<\/em><em> Majorat &#8211; Arts visuels, 3 boulevard des \u00e9coles &#8211; Villeneuve-Tolosane (31) , <\/em><em>exposition qui consacre l\u2019ensemble de sa carri\u00e8re,<\/em><\/p>\r\n\r\n<p>En d\u00e9cembre 2022, les toiles de Ryton Cazenave ont \u00e9t\u00e9 expos\u00e9es dans les rues de Foix.<\/p>\r\n\r\n<p>un film\u00a0de Francis -Arthur Font\u00e8s\u00a0: <em><strong>Ryton Cazenave.<\/strong><\/em><\/p>\r\n\r\n<p><a id=\"sdfootnote1sym\" href=\"#sdfootnote1anc\">1<\/a>Interview de Ryton Cazenave. <em>La D\u00e9p\u00eache<\/em>, 23-09-2018.<\/p>\r\n<p>[\/vc_column_text][vc_empty_space][\/vc_column][\/vc_row][vc_row][vc_column]<div class=\"edgt-image-gallery  edgt-ig-masonry-type  \">\n\t<div class=\"edgt-ig-inner edgt-ig-masonry edgt-ig-two-columns edgt-ig-normal-space\">\n\t\t<div class=\"edgt-ig-grid-sizer\"><\/div>\n\t\t<div class=\"edgt-ig-grid-gutter\"><\/div>\n\t\t\t\t\t\t\t\t<div class=\"edgt-ig-image \">\n\t\t\t\t<div class=\"edgt-ig-image-inner\">\n\t\t\t\t\t\t\t\t\t\t\t<img width=\"2338\" height=\"1700\" src=\"https:\/\/rene-gaston-lagorre.fr\/wp-content\/uploads\/2023\/08\/1.1962-1963-Rene-et-Ryton-rotated.jpg\" class=\"attachment- size-\" alt=\"Photo 1962\" decoding=\"async\" loading=\"lazy\" srcset=\"https:\/\/rene-gaston-lagorre.fr\/wp-content\/uploads\/2023\/08\/1.1962-1963-Rene-et-Ryton-rotated.jpg 2338w, https:\/\/rene-gaston-lagorre.fr\/wp-content\/uploads\/2023\/08\/1.1962-1963-Rene-et-Ryton-300x218.jpg 300w, https:\/\/rene-gaston-lagorre.fr\/wp-content\/uploads\/2023\/08\/1.1962-1963-Rene-et-Ryton-1024x745.jpg 1024w, https:\/\/rene-gaston-lagorre.fr\/wp-content\/uploads\/2023\/08\/1.1962-1963-Rene-et-Ryton-768x558.jpg 768w, https:\/\/rene-gaston-lagorre.fr\/wp-content\/uploads\/2023\/08\/1.1962-1963-Rene-et-Ryton-1536x1117.jpg 1536w, https:\/\/rene-gaston-lagorre.fr\/wp-content\/uploads\/2023\/08\/1.1962-1963-Rene-et-Ryton-1320x960.jpg 1320w, https:\/\/rene-gaston-lagorre.fr\/wp-content\/uploads\/2023\/08\/1.1962-1963-Rene-et-Ryton-600x436.jpg 600w\" sizes=\"(max-width: 2338px) 100vw, 2338px\" \/>\t\t\t\t\t\t\t\t\t<\/div>\n\t\t\t<\/div>\n\t\t\t\t\t\t\t\t<div class=\"edgt-ig-image \">\n\t\t\t\t<div class=\"edgt-ig-image-inner\">\n\t\t\t\t\t\t\t\t\t\t\t<img width=\"1280\" height=\"1036\" src=\"https:\/\/rene-gaston-lagorre.fr\/wp-content\/uploads\/2023\/08\/2.RC-avec-Raymond-Gimenes-chef-dorchestre-et-arrangeur-musical-de-chanteurs-celebres-dont-Henri-Salvador.jpg\" class=\"attachment- size-\" alt=\"Ryton photo\" decoding=\"async\" loading=\"lazy\" srcset=\"https:\/\/rene-gaston-lagorre.fr\/wp-content\/uploads\/2023\/08\/2.RC-avec-Raymond-Gimenes-chef-dorchestre-et-arrangeur-musical-de-chanteurs-celebres-dont-Henri-Salvador.jpg 1280w, https:\/\/rene-gaston-lagorre.fr\/wp-content\/uploads\/2023\/08\/2.RC-avec-Raymond-Gimenes-chef-dorchestre-et-arrangeur-musical-de-chanteurs-celebres-dont-Henri-Salvador-300x243.jpg 300w, https:\/\/rene-gaston-lagorre.fr\/wp-content\/uploads\/2023\/08\/2.RC-avec-Raymond-Gimenes-chef-dorchestre-et-arrangeur-musical-de-chanteurs-celebres-dont-Henri-Salvador-1024x829.jpg 1024w, https:\/\/rene-gaston-lagorre.fr\/wp-content\/uploads\/2023\/08\/2.RC-avec-Raymond-Gimenes-chef-dorchestre-et-arrangeur-musical-de-chanteurs-celebres-dont-Henri-Salvador-768x622.jpg 768w, https:\/\/rene-gaston-lagorre.fr\/wp-content\/uploads\/2023\/08\/2.RC-avec-Raymond-Gimenes-chef-dorchestre-et-arrangeur-musical-de-chanteurs-celebres-dont-Henri-Salvador-600x486.jpg 600w\" sizes=\"(max-width: 1280px) 100vw, 1280px\" \/>\t\t\t\t\t\t\t\t\t<\/div>\n\t\t\t<\/div>\n\t\t\t\t\t\t\t\t<div class=\"edgt-ig-image \">\n\t\t\t\t<div class=\"edgt-ig-image-inner\">\n\t\t\t\t\t\t\t\t\t\t\t<img width=\"919\" height=\"1343\" src=\"https:\/\/rene-gaston-lagorre.fr\/wp-content\/uploads\/2023\/08\/5.Rene-et-Ryton-a-Seix.jpg\" class=\"attachment- size-\" alt=\"Photo avec Ryton\" decoding=\"async\" loading=\"lazy\" srcset=\"https:\/\/rene-gaston-lagorre.fr\/wp-content\/uploads\/2023\/08\/5.Rene-et-Ryton-a-Seix.jpg 919w, https:\/\/rene-gaston-lagorre.fr\/wp-content\/uploads\/2023\/08\/5.Rene-et-Ryton-a-Seix-205x300.jpg 205w, https:\/\/rene-gaston-lagorre.fr\/wp-content\/uploads\/2023\/08\/5.Rene-et-Ryton-a-Seix-701x1024.jpg 701w, https:\/\/rene-gaston-lagorre.fr\/wp-content\/uploads\/2023\/08\/5.Rene-et-Ryton-a-Seix-768x1122.jpg 768w, https:\/\/rene-gaston-lagorre.fr\/wp-content\/uploads\/2023\/08\/5.Rene-et-Ryton-a-Seix-600x877.jpg 600w\" sizes=\"(max-width: 919px) 100vw, 919px\" \/>\t\t\t\t\t\t\t\t\t<\/div>\n\t\t\t<\/div>\n\t\t\t\t\t\t\t\t<div class=\"edgt-ig-image \">\n\t\t\t\t<div class=\"edgt-ig-image-inner\">\n\t\t\t\t\t\t\t\t\t\t\t<img width=\"2160\" height=\"1247\" src=\"https:\/\/rene-gaston-lagorre.fr\/wp-content\/uploads\/2023\/08\/3.Ryton-Cazenave.-Rene-G-L.-et-J.-Bernard-Lalanne-3-artistes-peintres.jpg\" class=\"attachment- size-\" alt=\"photo Jacques Jayles\" decoding=\"async\" loading=\"lazy\" srcset=\"https:\/\/rene-gaston-lagorre.fr\/wp-content\/uploads\/2023\/08\/3.Ryton-Cazenave.-Rene-G-L.-et-J.-Bernard-Lalanne-3-artistes-peintres.jpg 2160w, https:\/\/rene-gaston-lagorre.fr\/wp-content\/uploads\/2023\/08\/3.Ryton-Cazenave.-Rene-G-L.-et-J.-Bernard-Lalanne-3-artistes-peintres-300x173.jpg 300w, https:\/\/rene-gaston-lagorre.fr\/wp-content\/uploads\/2023\/08\/3.Ryton-Cazenave.-Rene-G-L.-et-J.-Bernard-Lalanne-3-artistes-peintres-1024x591.jpg 1024w, https:\/\/rene-gaston-lagorre.fr\/wp-content\/uploads\/2023\/08\/3.Ryton-Cazenave.-Rene-G-L.-et-J.-Bernard-Lalanne-3-artistes-peintres-768x443.jpg 768w, https:\/\/rene-gaston-lagorre.fr\/wp-content\/uploads\/2023\/08\/3.Ryton-Cazenave.-Rene-G-L.-et-J.-Bernard-Lalanne-3-artistes-peintres-1536x887.jpg 1536w, https:\/\/rene-gaston-lagorre.fr\/wp-content\/uploads\/2023\/08\/3.Ryton-Cazenave.-Rene-G-L.-et-J.-Bernard-Lalanne-3-artistes-peintres-1320x762.jpg 1320w, https:\/\/rene-gaston-lagorre.fr\/wp-content\/uploads\/2023\/08\/3.Ryton-Cazenave.-Rene-G-L.-et-J.-Bernard-Lalanne-3-artistes-peintres-600x346.jpg 600w\" sizes=\"(max-width: 2160px) 100vw, 2160px\" \/>\t\t\t\t\t\t\t\t\t<\/div>\n\t\t\t<\/div>\n\t\t\t\t\t\t\t\t<div class=\"edgt-ig-image \">\n\t\t\t\t<div class=\"edgt-ig-image-inner\">\n\t\t\t\t\t\t\t\t\t\t\t<img width=\"1024\" height=\"666\" src=\"https:\/\/rene-gaston-lagorre.fr\/wp-content\/uploads\/2023\/08\/4.RC_.-Aquarelle-du-village-de-Serres09.jpg\" class=\"attachment- size-\" alt=\"Photo Ryton\" decoding=\"async\" loading=\"lazy\" srcset=\"https:\/\/rene-gaston-lagorre.fr\/wp-content\/uploads\/2023\/08\/4.RC_.-Aquarelle-du-village-de-Serres09.jpg 1024w, https:\/\/rene-gaston-lagorre.fr\/wp-content\/uploads\/2023\/08\/4.RC_.-Aquarelle-du-village-de-Serres09-300x195.jpg 300w, https:\/\/rene-gaston-lagorre.fr\/wp-content\/uploads\/2023\/08\/4.RC_.-Aquarelle-du-village-de-Serres09-768x500.jpg 768w, https:\/\/rene-gaston-lagorre.fr\/wp-content\/uploads\/2023\/08\/4.RC_.-Aquarelle-du-village-de-Serres09-600x390.jpg 600w\" sizes=\"(max-width: 1024px) 100vw, 1024px\" \/>\t\t\t\t\t\t\t\t\t<\/div>\n\t\t\t<\/div>\n\t\t\t\t\t\t\t\t<div class=\"edgt-ig-image \">\n\t\t\t\t<div class=\"edgt-ig-image-inner\">\n\t\t\t\t\t\t\t\t\t\t\t<img width=\"1459\" height=\"2085\" src=\"https:\/\/rene-gaston-lagorre.fr\/wp-content\/uploads\/2023\/08\/6.Ryton-Pradal-15.jpg\" class=\"attachment- size-\" alt=\"\" decoding=\"async\" loading=\"lazy\" srcset=\"https:\/\/rene-gaston-lagorre.fr\/wp-content\/uploads\/2023\/08\/6.Ryton-Pradal-15.jpg 1459w, https:\/\/rene-gaston-lagorre.fr\/wp-content\/uploads\/2023\/08\/6.Ryton-Pradal-15-210x300.jpg 210w, https:\/\/rene-gaston-lagorre.fr\/wp-content\/uploads\/2023\/08\/6.Ryton-Pradal-15-717x1024.jpg 717w, https:\/\/rene-gaston-lagorre.fr\/wp-content\/uploads\/2023\/08\/6.Ryton-Pradal-15-768x1098.jpg 768w, https:\/\/rene-gaston-lagorre.fr\/wp-content\/uploads\/2023\/08\/6.Ryton-Pradal-15-1075x1536.jpg 1075w, https:\/\/rene-gaston-lagorre.fr\/wp-content\/uploads\/2023\/08\/6.Ryton-Pradal-15-1433x2048.jpg 1433w, https:\/\/rene-gaston-lagorre.fr\/wp-content\/uploads\/2023\/08\/6.Ryton-Pradal-15-1320x1886.jpg 1320w, https:\/\/rene-gaston-lagorre.fr\/wp-content\/uploads\/2023\/08\/6.Ryton-Pradal-15-600x857.jpg 600w\" sizes=\"(max-width: 1459px) 100vw, 1459px\" \/>\t\t\t\t\t\t\t\t\t<\/div>\n\t\t\t<\/div>\n\t\t\t\t\t\t\t\t<div class=\"edgt-ig-image \">\n\t\t\t\t<div class=\"edgt-ig-image-inner\">\n\t\t\t\t\t\t\t\t\t\t\t<img width=\"946\" height=\"1443\" src=\"https:\/\/rene-gaston-lagorre.fr\/wp-content\/uploads\/2023\/08\/7.RC-dans-son-atelier-a-St-Pierre-de-Riviere-photo-La-Depeche.2020.jpg\" class=\"attachment- size-\" alt=\"Photo Ryton C\" decoding=\"async\" loading=\"lazy\" srcset=\"https:\/\/rene-gaston-lagorre.fr\/wp-content\/uploads\/2023\/08\/7.RC-dans-son-atelier-a-St-Pierre-de-Riviere-photo-La-Depeche.2020.jpg 946w, https:\/\/rene-gaston-lagorre.fr\/wp-content\/uploads\/2023\/08\/7.RC-dans-son-atelier-a-St-Pierre-de-Riviere-photo-La-Depeche.2020-197x300.jpg 197w, https:\/\/rene-gaston-lagorre.fr\/wp-content\/uploads\/2023\/08\/7.RC-dans-son-atelier-a-St-Pierre-de-Riviere-photo-La-Depeche.2020-671x1024.jpg 671w, https:\/\/rene-gaston-lagorre.fr\/wp-content\/uploads\/2023\/08\/7.RC-dans-son-atelier-a-St-Pierre-de-Riviere-photo-La-Depeche.2020-768x1171.jpg 768w, https:\/\/rene-gaston-lagorre.fr\/wp-content\/uploads\/2023\/08\/7.RC-dans-son-atelier-a-St-Pierre-de-Riviere-photo-La-Depeche.2020-600x915.jpg 600w\" sizes=\"(max-width: 946px) 100vw, 946px\" \/>\t\t\t\t\t\t\t\t\t<\/div>\n\t\t\t<\/div>\n\t\t\t<\/div>\n<\/div>[vc_empty_space][\/vc_column][\/vc_row]<\/p>","protected":false},"excerpt":{"rendered":"<p>[vc_row][vc_column][vc_column_text]Parmi les amis de jeunesse de Ren\u00e9 Gaston-Lagorre figure un autre artiste-peintre de talent qui excellera bient\u00f4t dans un registre diff\u00e9rent de son registre initial quand il choisira de peindre des aquarelles. Cet artiste n\u2019est autre que Ryton Cazenave, n\u00e9 en 1926 \u00e0 Paris, mais \u00e9lev\u00e9 [&hellip;]<\/p>\n","protected":false},"author":2,"featured_media":0,"parent":15235,"menu_order":0,"comment_status":"closed","ping_status":"closed","template":"","meta":[],"_links":{"self":[{"href":"https:\/\/rene-gaston-lagorre.fr\/index.php\/wp-json\/wp\/v2\/pages\/14785"}],"collection":[{"href":"https:\/\/rene-gaston-lagorre.fr\/index.php\/wp-json\/wp\/v2\/pages"}],"about":[{"href":"https:\/\/rene-gaston-lagorre.fr\/index.php\/wp-json\/wp\/v2\/types\/page"}],"author":[{"embeddable":true,"href":"https:\/\/rene-gaston-lagorre.fr\/index.php\/wp-json\/wp\/v2\/users\/2"}],"replies":[{"embeddable":true,"href":"https:\/\/rene-gaston-lagorre.fr\/index.php\/wp-json\/wp\/v2\/comments?post=14785"}],"version-history":[{"count":14,"href":"https:\/\/rene-gaston-lagorre.fr\/index.php\/wp-json\/wp\/v2\/pages\/14785\/revisions"}],"predecessor-version":[{"id":15279,"href":"https:\/\/rene-gaston-lagorre.fr\/index.php\/wp-json\/wp\/v2\/pages\/14785\/revisions\/15279"}],"up":[{"embeddable":true,"href":"https:\/\/rene-gaston-lagorre.fr\/index.php\/wp-json\/wp\/v2\/pages\/15235"}],"wp:attachment":[{"href":"https:\/\/rene-gaston-lagorre.fr\/index.php\/wp-json\/wp\/v2\/media?parent=14785"}],"curies":[{"name":"wp","href":"https:\/\/api.w.org\/{rel}","templated":true}]}}